{"id":349,"date":"2019-07-05T10:23:00","date_gmt":"2019-07-05T08:23:00","guid":{"rendered":"http:\/\/www.geniosrl.com\/?page_id=349"},"modified":"2019-07-05T10:23:00","modified_gmt":"2019-07-05T08:23:00","slug":"politique-en-matiere-de-protection-de-la-vie-privee","status":"publish","type":"page","link":"https:\/\/geniosrl.com\/fr\/politique-en-matiere-de-protection-de-la-vie-privee\/","title":{"rendered":"Politique en mati\u00e8re de protection de la vie priv\u00e9e"},"content":{"rendered":"<p align=\"justify\"><span style=\"font-family: Calibri, serif;\"><span style=\"font-family: Helvetica, serif;\"><span style=\"font-size: small;\">Ci-apr\u00e8s se trouvent d\u00e9crites les modalit\u00e9s de gestion du pr\u00e9sent site Internet en ce qui concerne le traitement des donn\u00e9es personnelles des utilisateurs qui le consultent.<\/span><\/span><\/span><\/p>\n<p align=\"justify\"><span style=\"font-family: Calibri, serif;\"><span style=\"font-family: Helvetica, serif;\"><span style=\"font-size: small;\">Les informations sont \u00e9galement fournies conform\u00e9ment au R\u00e8glement g\u00e9n\u00e9ral europ\u00e9en sur la protection des donn\u00e9es \u00e0 caract\u00e8re personnel n<\/span><\/span><sup><span style=\"font-family: Helvetica, serif;\"><span style=\"font-size: small;\">o<\/span><\/span><\/sup><span style=\"font-family: Helvetica, serif;\"><span style=\"font-size: small;\"> 679\/2016 \u00e0 ceux qui interagissent avec les services web de Genio Srl qui sont accessibles \u00e9lectroniquement \u00e0 partir de l&rsquo;adresse\u00a0:<\/span><\/span><\/span><\/p>\n<p align=\"justify\"><span style=\"font-family: Calibri, serif;\"><span style=\"font-family: Helvetica, serif;\"><span style=\"font-size: small;\"><b>www.geniosrl.com<\/b><\/span><\/span><\/span><\/p>\n<p align=\"justify\"><span style=\"font-family: Calibri, serif;\"><span style=\"font-family: Helvetica, serif;\"><span style=\"font-size: small;\">Ci-apr\u00e8s sont fournies des informations en ce qui concerne les donn\u00e9es en question, les modalit\u00e9s selon lesquelles Genio Srl g\u00e8re ces donn\u00e9es et celles avec lesquelles, en tant que parties int\u00e9ress\u00e9es, les utilisateurs peuvent exercer leurs droits en vertu de la loi.<\/span><\/span><\/span><\/p>\n<h3 class=\"western\"><span style=\"color: #00000a;\"><span style=\"font-family: Helvetica, serif;\"><span style=\"font-size: large;\">RESPONSABLE DU TRAITEMENT<\/span><\/span><\/span><\/h3>\n<p align=\"justify\"><span style=\"font-family: Calibri, serif;\"><span style=\"font-family: Helvetica, serif;\"><span style=\"font-size: small;\">Le responsable du traitement des donn\u00e9es personnelles est <\/span><\/span><span style=\"font-family: Helvetica, serif;\"><span style=\"font-size: small;\"><b>Genio<\/b><\/span><\/span><span style=\"font-family: Helvetica, serif;\"><span style=\"font-size: small;\"><b> Srl,<\/b><\/span><\/span><span style=\"font-family: Helvetica, serif;\"><span style=\"font-size: small;\"> dont le si\u00e8ge social se trouve VICOLO SAN GIOVANNI SUL MURO 9, 20121 MILANO (MI), Italie, num\u00e9ro TVA\/CF 08753400962.<\/span><\/span><\/span><\/p>\n<h3 class=\"western\"><span style=\"color: #00000a;\"><span style=\"font-family: Helvetica, serif;\"><span style=\"font-size: large;\">LIEU DE TRAITEMENT DES DONN\u00c9ES<\/span><\/span><\/span><\/h3>\n<p align=\"justify\"><span style=\"font-family: Calibri, serif;\"><span style=\"font-family: Helvetica, serif;\"><span style=\"font-size: small;\">Les op\u00e9rations de traitement li\u00e9es aux services <\/span><\/span><span style=\"font-family: Helvetica, serif;\"><span style=\"font-size: small;\"><i>web<\/i><\/span><\/span><span style=\"font-family: Helvetica, serif;\"><span style=\"font-size: small;\"> du pr\u00e9sent site ont lieu au si\u00e8ge susmentionn\u00e9 de Genio Srl, ainsi qu\u2019au si\u00e8ge de tiers d\u00e9sign\u00e9s \u00e0 titre de sous-traitants des donn\u00e9es, ou agissant en qualit\u00e9 de responsables ind\u00e9pendants et sont prises en charge par le personnel technique charg\u00e9 du traitement ou par d\u2019\u00e9ventuelles personnes qui seraient charg\u00e9es d&rsquo;op\u00e9rations de maintenance occasionnelles. La liste mise \u00e0 jour des sous-traitants des donn\u00e9es, ainsi que des responsables ind\u00e9pendants (personnes physiques, soci\u00e9t\u00e9s, organismes), avec indication de leurs si\u00e8ge respectifs, est disponible aupr\u00e8s du Service de la protection des donn\u00e9es \u00e0 caract\u00e8re personnel de Genio Srl.<\/span><\/span><\/span><\/p>\n<p align=\"justify\"><span style=\"font-family: Calibri, serif;\"><span style=\"font-family: Helvetica, serif;\"><span style=\"font-size: small;\">Aucune donn\u00e9e d\u00e9rivant du service <\/span><\/span><span style=\"font-family: Helvetica, serif;\"><span style=\"font-size: small;\"><i>web<\/i><\/span><\/span><span style=\"font-family: Helvetica, serif;\"><span style=\"font-size: small;\"> n&rsquo;est communiqu\u00e9e ou diffus\u00e9e \u00e0 des tiers.<\/span><\/span><\/span><\/p>\n<p align=\"justify\"><span style=\"font-family: Calibri, serif;\"><span style=\"font-family: Helvetica, serif;\"><span style=\"font-size: small;\">Les donn\u00e9es \u00e0 caract\u00e8re personnel fournies par les utilisateurs qui impliquent l&rsquo;envoi de mat\u00e9riel d&rsquo;information (bulletins, CD-ROM, lettres d\u2019information, rapports annuels, demandes, brochures et actes, signalisations relatives aux services ou au site lui-m\u00eame, etc.) ou de propositions de candidature (\u00ab\u00a0curriculum vitae\u00a0\u00bb, etc.) ne sont utilis\u00e9es que pour r\u00e9aliser le service ou g\u00e9rer les prestations demand\u00e9es et sont communiqu\u00e9es \u00e0 des tiers uniquement si cela est n\u00e9cessaire pour cet objectif.<\/span><\/span><\/span><\/p>\n<h3 class=\"western\"><span style=\"color: #00000a;\"><span style=\"font-family: Helvetica, serif;\"><span style=\"font-size: large;\">MODALIT\u00c9S DU TRAITEMENT<\/span><\/span><\/span><\/h3>\n<p align=\"justify\"><span style=\"font-family: Calibri, serif;\"><span style=\"font-family: Helvetica, serif;\"><span style=\"font-size: small;\">Les donn\u00e9es \u00e0 caract\u00e8re personnel sont trait\u00e9es avec des instruments manuels et automatis\u00e9s, pendant le laps de temps qui est strictement n\u00e9cessaire pour r\u00e9aliser les buts pour lesquels elles ont \u00e9t\u00e9 r\u00e9colt\u00e9es.<\/span><\/span><\/span><\/p>\n<p align=\"justify\"><span style=\"font-family: Calibri, serif;\"><span style=\"font-family: Helvetica, serif;\"><span style=\"font-size: small;\">Des mesures de s\u00e9curit\u00e9 sp\u00e9cifiques sont observ\u00e9es pour emp\u00eacher une perte des donn\u00e9es, des usages illicites ou incorrects ou des acc\u00e8s non autoris\u00e9s.<\/span><\/span><\/span><\/p>\n<h3 class=\"western\"><span style=\"color: #00000a;\"><span style=\"font-family: Helvetica, serif;\"><span style=\"font-size: large;\">TYPE DE DONN\u00c9ES TRAIT\u00c9ES ET BUT DU TRAITEMENT<\/span><\/span><\/span><\/h3>\n<h4 class=\"western\"><span style=\"color: #00000a;\"><span style=\"font-family: Helvetica, serif;\"><span style=\"font-size: large;\">Donn\u00e9es de navigation<\/span><\/span><\/span><\/h4>\n<p align=\"justify\"><span style=\"font-family: Calibri, serif;\"><span style=\"font-family: Helvetica, serif;\"><span style=\"font-size: small;\">Les syst\u00e8mes informatiques et les proc\u00e9dures logicielles charg\u00e9s du fonctionnement de ce site web acqui\u00e8rent, au cours de leur fonctionnement normal, certaines donn\u00e9es \u00e0 caract\u00e8re personnel des usagers qui se connectent au site dont la transmission est implicite \u00e0 la suite du recours aux protocoles de communication habituels d&rsquo;Internet.<\/span><\/span><\/span><\/p>\n<p align=\"justify\"><span style=\"font-family: Calibri, serif;\"><span style=\"font-family: Helvetica, serif;\"><span style=\"font-size: small;\">Il s&rsquo;agit d&rsquo;informations qui ne sont pas r\u00e9colt\u00e9es pour \u00eatre associ\u00e9es aux personnes int\u00e9ress\u00e9es identifi\u00e9es, mais qui, par leur nature m\u00eame, pourraient, par le biais d&rsquo;\u00e9laborations et d&rsquo;associations avec des donn\u00e9es d\u00e9tenues par des tiers, permettre d&rsquo;identifier les utilisateurs.<\/span><\/span><\/span><\/p>\n<p align=\"justify\"><span style=\"font-family: Calibri, serif;\"><span style=\"font-family: Helvetica, serif;\"><span style=\"font-size: small;\">S&rsquo;inscrivent dans cette cat\u00e9gorie de donn\u00e9es les adresses IP ou les noms de domaine des ordinateurs utilis\u00e9s par les utilisateurs qui se relient au site, les adresses en notation URI (<\/span><\/span><span style=\"font-family: Helvetica, serif;\"><span style=\"font-size: small;\"><i>Uniform Resource Identifier<\/i><\/span><\/span><span style=\"font-family: Helvetica, serif;\"><span style=\"font-size: small;\">) des ressources demand\u00e9es, l&rsquo;horaire de la demande, la m\u00e9thode utilis\u00e9e pour soumettre la demande au serveur, la dimension du fichier obtenu en r\u00e9ponse, le code num\u00e9rique indiquant l&rsquo;\u00e9tat de la r\u00e9ponse fournie par le serveur (bonne fin, erreur, etc.) et d&rsquo;autres param\u00e8tres concernant le syst\u00e8me d&rsquo;exploitation et l&rsquo;environnement informatique de l&rsquo;utilisateur.<\/span><\/span><\/span><\/p>\n<p align=\"justify\"><span style=\"font-family: Calibri, serif;\"><span style=\"font-family: Helvetica, serif;\"><span style=\"font-size: small;\">Ces donn\u00e9es sont utilis\u00e9es dans le seul but d&rsquo;obtenir des informations statistiques anonymes sur l&rsquo;utilisation du site et afin d&rsquo;en contr\u00f4ler le bon fonctionnement. Les donn\u00e9es pourraient \u00eatre utilis\u00e9es pour \u00e9tablir la responsabilit\u00e9 en cas de d\u00e9lits informatiques perp\u00e9tr\u00e9s contre le site\u00a0: \u00e0 l&rsquo;exception de cette possibilit\u00e9, les donn\u00e9es sur les contacts web ne persistent pas pendant plus de sept jours.<\/span><\/span><\/span><\/p>\n<h4 class=\"western\"><span style=\"color: #00000a;\"><span style=\"font-family: Helvetica, serif;\"><span style=\"font-size: large;\">Donn\u00e9es volontairement fournies par l&rsquo;utilisateur<\/span><\/span><\/span><\/h4>\n<p align=\"justify\"><span style=\"font-family: Calibri, serif;\"><span style=\"font-family: Helvetica, serif;\"><span style=\"font-size: small;\">L&rsquo;envoi de courrier \u00e9lectronique vers les adresses figurant sur ce site implique une acquisition successive de l&rsquo;adresse de l&rsquo;exp\u00e9diteur, n\u00e9cessaire pour r\u00e9pondre aux demandes, ainsi que d&rsquo;autres \u00e9ventuelles donn\u00e9es \u00e0 caract\u00e8re personnel ins\u00e9r\u00e9es dans le message.<\/span><\/span><\/span><\/p>\n<p align=\"justify\"><span style=\"font-family: Calibri, serif;\"><span style=\"font-family: Helvetica, serif;\"><span style=\"font-size: small;\">Des informations de synth\u00e8se sp\u00e9cifiques seront progressivement fournies ou visualis\u00e9es dans les pages du site pr\u00e9par\u00e9es pour des services particuliers sur demande.<\/span><\/span><\/span><\/p>\n<h3 class=\"western\"><span style=\"color: #00000a;\"><span style=\"font-family: Helvetica, serif;\"><span style=\"font-size: large;\">COOKIES<\/span><\/span><\/span><\/h3>\n<p align=\"justify\"><span style=\"font-family: Calibri, serif;\"><span style=\"font-family: Helvetica, serif;\"><span style=\"font-size: small;\">Aucune donn\u00e9e personnelle des utilisateurs n&rsquo;est acquise de mani\u00e8re volontaire par le site.<\/span><\/span><\/span><\/p>\n<p align=\"justify\"><span style=\"font-family: Calibri, serif;\"><span style=\"font-family: Helvetica, serif;\"><span style=\"font-size: small;\">On n&rsquo;utilise pas de <\/span><\/span><span style=\"font-family: Helvetica, serif;\"><span style=\"font-size: small;\"><i>cookies<\/i><\/span><\/span><span style=\"font-family: Helvetica, serif;\"><span style=\"font-size: small;\"> pour la transmission d&rsquo;informations \u00e0 caract\u00e8re personnel, de m\u00eame qu&rsquo;on n&rsquo;utilise pas ce que l&rsquo;on qualifie de <\/span><\/span><span style=\"font-family: Helvetica, serif;\"><span style=\"font-size: small;\"><i>cookies<\/i><\/span><\/span><span style=\"font-family: Helvetica, serif;\"><span style=\"font-size: small;\"> persistants d&rsquo;aucun type, ni de syst\u00e8mes de tra\u00e7age des utilisateurs.<\/span><\/span><\/span><\/p>\n<p align=\"justify\"><span style=\"font-family: Calibri, serif;\"><span style=\"font-family: Helvetica, serif;\"><span style=\"font-size: small;\">L&rsquo;utilisation de ce que l\u2019on qualifie de <\/span><\/span><span style=\"font-family: Helvetica, serif;\"><span style=\"font-size: small;\"><i>cookies <\/i><\/span><\/span><span style=\"font-family: Helvetica, serif;\"><span style=\"font-size: small;\">de session (qui ne sont pas mis en m\u00e9moire de mani\u00e8re persistante sur l&rsquo;ordinateur de l&rsquo;utilisateur et disparaissent au moment de la fermeture du navigateur) est strictement limit\u00e9e \u00e0 la transmission des donn\u00e9es d&rsquo;identification de session qui sont n\u00e9cessaires pour une navigation s\u00fbre et efficace sur le site.<\/span><\/span><\/span><\/p>\n<p align=\"justify\"><span style=\"font-family: Calibri, serif;\"><span style=\"font-family: Helvetica, serif;\"><span style=\"font-size: small;\">Le type de ce que l\u2019on qualifie de <\/span><\/span><span style=\"font-family: Helvetica, serif;\"><span style=\"font-size: small;\"><i>cookies<\/i><\/span><\/span><span style=\"font-family: Helvetica, serif;\"><span style=\"font-size: small;\"> de session utilis\u00e9s dans ce site \u00e9vite le recours \u00e0 d&rsquo;autres techniques informatiques qui sont potentiellement pr\u00e9judiciables pour le caract\u00e8re confidentiel de la navigation des utilisateurs et ne permettent pas la saisie de donn\u00e9es personnelles identifiant l&rsquo;utilisateur.<\/span><\/span><\/span><\/p>\n<h3 class=\"western\"><span style=\"color: #00000a;\"><span style=\"font-family: Helvetica, serif;\"><span style=\"font-size: large;\">APPORT FACULTATIF DE DONN\u00c9ES<\/span><\/span><\/span><\/h3>\n<p align=\"justify\"><span style=\"font-family: Calibri, serif;\"><span style=\"font-family: Helvetica, serif;\"><span style=\"font-size: small;\">\u00c0 l&rsquo;exception des donn\u00e9es de navigation, l&rsquo;utilisateur est libre de fournir les donn\u00e9es personnelles indiqu\u00e9es dans les contacts avec Genio Srl pour demander l\u2019exp\u00e9dition de mat\u00e9riel d&rsquo;information ou d&rsquo;autres communications ou pour s&rsquo;inscrire aux services fournis sur le site.<\/span><\/span><\/span><\/p>\n<p align=\"justify\"><span style=\"font-family: Calibri, serif;\"><span style=\"font-family: Helvetica, serif;\"><span style=\"font-size: small;\">L&rsquo;absence de remise de ces donn\u00e9es peut entra\u00eener une impossibilit\u00e9 d&rsquo;obtenir ce qui est demand\u00e9.<\/span><\/span><\/span><\/p>\n<p align=\"justify\"><span style=\"font-family: Calibri, serif;\"><span style=\"font-family: Helvetica, serif;\"><span style=\"font-size: small;\"><b>DROITS DES PERSONNES INT\u00c9RESS\u00c9ES<\/b><\/span><\/span><\/span><\/p>\n<p align=\"justify\"><span style=\"font-family: Calibri, serif;\"><span style=\"font-family: Helvetica, serif;\"><span style=\"font-size: small;\">Les personnes auxquelles se r\u00e9f\u00e8rent les donn\u00e9es personnelles ont le droit d&rsquo;obtenir \u00e0 n&rsquo;importe quel moment une confirmation de l&rsquo;existence ou non de ces m\u00eames donn\u00e9es aupr\u00e8s du responsable du traitement en question et d&rsquo;en conna\u00eetre le contenu et l&rsquo;origine, d&rsquo;en v\u00e9rifier le caract\u00e8re exact ou d&rsquo;en demander l&rsquo;int\u00e9gration ou la mise \u00e0 jour, ou bien la rectification (voir r\u00e8glement europ\u00e9en 679\/2016).<\/span><\/span><\/span><\/p>\n<p align=\"justify\"><span style=\"font-family: Calibri, serif;\"><span style=\"font-family: Helvetica, serif;\"><span style=\"font-size: small;\">Aux termes du m\u00eame article, on dispose du droit de demander l&rsquo;effacement, la modification sous forme anonyme ou le blocage des donn\u00e9es ayant \u00e9t\u00e9 trait\u00e9es au m\u00e9pris de la loi, de m\u00eame que, de mani\u00e8re g\u00e9n\u00e9rale, de s&rsquo;opposer, pour des motifs l\u00e9gitimes, \u00e0 leur traitement.<\/span><\/span><\/span><\/p>\n<p align=\"justify\"><span style=\"font-family: Calibri, serif;\"><span style=\"font-family: Helvetica, serif;\"><span style=\"font-size: small;\">Les demandes doivent \u00eatre adress\u00e9es au Service de protection des donn\u00e9es \u00e0 caract\u00e8re personnel de Genio Srl.<\/span><\/span><\/span><\/p>\n<p align=\"justify\"><span style=\"font-family: Calibri, serif;\"><span style=\"font-family: Helvetica, serif;\"><span style=\"font-size: small;\">On pr\u00e9cise que le pr\u00e9sent document, publi\u00e9 \u00e0 l\u2019adresse <\/span><\/span><span style=\"font-family: Helvetica, serif;\"><span style=\"font-size: small;\"><u>geniosrl.com\/privacy-policy<!-- Qualora si desideri tradurre il link in lingua francese, sostituire la parte sottolineata con:\n\ngeniosrl.com\/politique de confidentialit\u00e9 --> <\/u><\/span><\/span><span style=\"font-family: Helvetica, serif;\"><span style=\"font-size: small;\">constitue la \u00ab\u00a0Politique de confidentialit\u00e9\u00a0\u00bb du pr\u00e9sent site et peut faire l&rsquo;objet de mises \u00e0 jour.<\/span><\/span><\/span><\/p>\n<p>&nbsp;<\/p>\n","protected":false},"excerpt":{"rendered":"<p>Ci-apr\u00e8s se trouvent d\u00e9crites les modalit\u00e9s de gestion du pr\u00e9sent site Internet en ce qui concerne le traitement des donn\u00e9es personnelles des utilisateurs qui le consultent. Les informations sont \u00e9galement fournies conform\u00e9ment au R\u00e8glement g\u00e9n\u00e9ral europ\u00e9en sur la protection des donn\u00e9es \u00e0 caract\u00e8re personnel no 679\/2016 \u00e0 ceux qui interagissent avec les services web de [&hellip;]<\/p>\n","protected":false},"author":2,"featured_media":0,"parent":0,"menu_order":0,"comment_status":"closed","ping_status":"closed","template":"","meta":{"footnotes":""},"class_list":["post-349","page","type-page","status-publish","hentry","post"],"_links":{"self":[{"href":"https:\/\/geniosrl.com\/fr\/wp-json\/wp\/v2\/pages\/349","targetHints":{"allow":["GET"]}}],"collection":[{"href":"https:\/\/geniosrl.com\/fr\/wp-json\/wp\/v2\/pages"}],"about":[{"href":"https:\/\/geniosrl.com\/fr\/wp-json\/wp\/v2\/types\/page"}],"author":[{"embeddable":true,"href":"https:\/\/geniosrl.com\/fr\/wp-json\/wp\/v2\/users\/2"}],"replies":[{"embeddable":true,"href":"https:\/\/geniosrl.com\/fr\/wp-json\/wp\/v2\/comments?post=349"}],"version-history":[{"count":1,"href":"https:\/\/geniosrl.com\/fr\/wp-json\/wp\/v2\/pages\/349\/revisions"}],"predecessor-version":[{"id":350,"href":"https:\/\/geniosrl.com\/fr\/wp-json\/wp\/v2\/pages\/349\/revisions\/350"}],"wp:attachment":[{"href":"https:\/\/geniosrl.com\/fr\/wp-json\/wp\/v2\/media?parent=349"}],"curies":[{"name":"wp","href":"https:\/\/api.w.org\/{rel}","templated":true}]}}